{"id":2148,"date":"2022-03-02T08:31:12","date_gmt":"2022-03-02T07:31:12","guid":{"rendered":"https:\/\/llorensgmr.com\/politica-de-privacitat\/"},"modified":"2022-03-02T09:07:06","modified_gmt":"2022-03-02T08:07:06","slug":"politica-de-privacidad","status":"publish","type":"page","link":"https:\/\/llorensgmr.com\/es\/politica-de-privacidad\/","title":{"rendered":"Pol\u00edtica de Privacidad"},"content":{"rendered":"<div class=\"wpb-content-wrapper\"><p>[vc_row css_animation=\u00bb\u00bb row_type=\u00bbrow\u00bb use_row_as_full_screen_section=\u00bbno\u00bb type=\u00bbfull_width\u00bb angled_section=\u00bbno\u00bb text_align=\u00bbleft\u00bb background_image_as_pattern=\u00bbwithout_pattern\u00bb][vc_column][vc_single_image image=\u00bb457&#8243; img_size=\u00bbfull\u00bb alignment=\u00bbcenter\u00bb qode_css_animation=\u00bb\u00bb][\/vc_column][\/vc_row][vc_row css_animation=\u00bb\u00bb row_type=\u00bbrow\u00bb use_row_as_full_screen_section=\u00bbno\u00bb type=\u00bbgrid\u00bb angled_section=\u00bbno\u00bb text_align=\u00bbleft\u00bb background_image_as_pattern=\u00bbwithout_pattern\u00bb z_index=\u00bb\u00bb][vc_column][vc_empty_space][vc_empty_space][vc_column_text]<\/p>\n<h2 style=\"text-align: center;\">Pol\u00edtica de Privacidad Web<\/h2>\n<p>[\/vc_column_text][vc_empty_space][vc_column_text]<\/p>\n<h3><strong>Responsable<\/strong><strong>\u00a0<\/strong><strong>del<\/strong><strong>\u00a0<\/strong><strong>Tratamiento<\/strong><\/h3>\n<p>&nbsp;<\/p>\n<p>La empresa responsable del tratamiento de sus datos en virtud de esta Pol\u00edtica de privacidad es:\u00a0SEBASTI\u00c0\u00a0LLORENS,\u00a0SL<\/p>\n<p>NIF: B60991197<\/p>\n<p>Domicilio: C\/ Lluis Companys, 55-57 &#8211; 08400 Granollers (Barcelona)\u00a0Direcci\u00f3n\u00a0de\u00a0correo\u00a0electr\u00f3nico:\u00a0<a href=\"mailto:info@llorensgmr.com\">info@llorensgmr.com<\/a><\/p>\n<p>Web: <a href=\"http:\/\/llorensgmr.com\/\"><u>llorensgmr.com<\/u><\/a>\u00a0Tel\u00e9fono:\u00a0938704253<\/p>\n<p>Inscrita\u00a0en\u00a0el\u00a0Registro\u00a0Mercantil\u00a0de\u00a0Barcelona,\u00a0Tomo\u00a028679,\u00a0Folio\u00a060,\u00a0Hoja\u00a0N\u00ba\u00a0b141839,\u00a0Inscripci\u00f3n\u00a08a<\/p>\n<p>&nbsp;<\/p>\n<p>En\u00a0SEBASTI\u00c0\u00a0LLORENS,\u00a0SL,\u00a0reconocemos\u00a0la\u00a0importancia\u00a0de\u00a0proteger\u00a0su\u00a0informaci\u00f3n\u00a0personal\u00a0y\u00a0estamos\u00a0comprometidos\u00a0a\u00a0tratarla\u00a0con\u00a0responsabilidad y de\u00a0conformidad\u00a0con las\u00a0leyes\u00a0de\u00a0protecci\u00f3n\u00a0de\u00a0datos.<\/p>\n<p>&nbsp;<\/p>\n<p>La\u00a0presente\u00a0pol\u00edtica\u00a0de\u00a0privacidad\u00a0pretende\u00a0regular\u00a0todos\u00a0los\u00a0aspectos\u00a0relativos\u00a0al\u00a0tratamiento\u00a0de\u00a0datos\u00a0de\u00a0los\u00a0diferentes\u00a0usuarios\u00a0que\u00a0navegan\u00a0o\u00a0facilitan\u00a0sus\u00a0datos\u00a0personales\u00a0a\u00a0trav\u00e9s\u00a0de\u00a0los\u00a0diferentes\u00a0formularios\u00a0situados\u00a0en\u00a0la\u00a0web.[\/vc_column_text][vc_empty_space][vc_column_text]<\/p>\n<h3><strong>Datos<\/strong><strong>\u00a0<\/strong><strong>Personales<\/strong><\/h3>\n<p>&nbsp;<\/p>\n<p>Un dato personal es la informaci\u00f3n que le identifica o le hace identificable. A trav\u00e9s de la web, en las casillas establecidas al efecto\u00a0recogemos los datos personales que el usuario nos comunica: nombre, apellidos, correo electr\u00f3nico, tel\u00e9fono, direcci\u00f3n postal,\u00a0poblaci\u00f3n, etc., as\u00ed como todos aquellos datos que voluntariamente nos proporcione a trav\u00e9s de cualquier de las redes sociales de\u00a0las cuales el usuario est\u00e1 registrado. En este caso, la privacidad depender\u00e1 de la propia configuraci\u00f3n establecida por el usuario as\u00ed\u00a0como\u00a0de\u00a0los\u00a0t\u00e9rminos y condiciones de\u00a0la\u00a0propia\u00a0red social.<\/p>\n<p>&nbsp;<\/p>\n<p>La visita del usuario a la web no implica que tenga que facilitar ninguna informaci\u00f3n sobre sus datos personales. No obstante, en\u00a0caso de facilitarlos, los datos ser\u00e1n tratados de forma l\u00edcita con sujeci\u00f3n en todo momento a los principios y derechos recogidos en\u00a0el\u00a0RGPD 2016\/679 de\u00a027\u00a0de\u00a0abril\u00a0de\u00a02016 y\u00a0la\u00a0LOPDGDD\u00a03\/2018 del\u00a05 de\u00a0diciembre.[\/vc_column_text][vc_empty_space][vc_column_text]<\/p>\n<h1><strong>Finalidad,<\/strong><strong>\u00a0<\/strong><strong>duraci\u00f3n y<\/strong><strong>\u00a0<\/strong><strong>legitimaci\u00f3n del<\/strong><strong>\u00a0<\/strong><strong>tratamiento<\/strong>:<\/h1>\n<p>&nbsp;<\/p>\n<p>Los\u00a0datos\u00a0que\u00a0el\u00a0usuario\u00a0nos\u00a0proporcione\u00a0los\u00a0trataremos\u00a0con\u00a0las\u00a0siguientes\u00a0finalidades:<\/p>\n<p>&nbsp;<\/p>\n<p>Atender la solicitud o petici\u00f3n realizada por el usuario a trav\u00e9s del <strong>formulario de contacto <\/strong>situado en la web. Recogemos y\u00a0tratamos\u00a0los\u00a0datos\u00a0personales\u00a0del\u00a0usuario\u00a0para\u00a0poder\u00a0tramitar\u00a0y\u00a0gestionar\u00a0su\u00a0solicitud,\u00a0una\u00a0consulta\u00a0o\u00a0cualquier\u00a0petici\u00f3n\u00a0que\u00a0realiza\u00a0a\u00a0trav\u00e9s\u00a0de\u00a0dicho\u00a0formulario.\u00a0Estos\u00a0datos\u00a0los\u00a0conservaremos\u00a0durante\u00a0el\u00a0tiempo\u00a0necesario\u00a0para\u00a0dar\u00a0cumplimiento\u00a0a\u00a0su\u00a0petici\u00f3n\u00a0y durante\u00a0el tiempo\u00a0establecido\u00a0por\u00a0la\u00a0ley\u00a0con\u00a0una\u00a0duraci\u00f3n\u00a0m\u00ednima\u00a0de\u00a03\u00a0a\u00f1os.<\/p>\n<p>&nbsp;<\/p>\n<p>La base de legitimaci\u00f3n del tratamiento de los datos ser\u00e1 el consentimiento que otorga el usuario al seleccionar la casilla de\u00a0aceptaci\u00f3n\u00a0de\u00a0nuestra\u00a0pol\u00edtica\u00a0de\u00a0privacidad\u00a0antes\u00a0de\u00a0enviar\u00a0la\u00a0petici\u00f3n.\u00a0El\u00a0usuario\u00a0tiene\u00a0derecho\u00a0a\u00a0revocar\u00a0su\u00a0consentimiento en cualquier momento sin que ello afecte a la licitud del tratamiento basado en el consentimiento previo a\u00a0su\u00a0retirada.<\/p>\n<p>&nbsp;<\/p>\n<p>Mejorar\u00a0su\u00a0experiencia\u00a0al\u00a0navegar\u00a0por\u00a0la\u00a0web.\u00a0Estos\u00a0datos\u00a0los\u00a0conservaremos\u00a0mientras\u00a0el\u00a0usuario\u00a0no\u00a0revoque\u00a0su\u00a0consentimiento al tratamiento de los mismos eliminando las cookies y durante el tiempo establecido por la ley con una\u00a0duraci\u00f3n\u00a0m\u00ednima de\u00a03 a\u00f1os.<\/p>\n<p>&nbsp;<\/p>\n<p>La base de legitimaci\u00f3n para mejorar su experiencia al navegar por la web es el consentimiento que otorga el usuario al\u00a0aceptar las cookies. El usuario tiene derecho a revocar su consentimiento en cualquier momento sin que ello afecte a la\u00a0licitud\u00a0del\u00a0tratamiento basado\u00a0en el\u00a0consentimiento previo\u00a0a\u00a0su\u00a0retirada.<\/p>\n<p>&nbsp;<\/p>\n<p>Gestionar\u00a0nuestras\u00a0<strong>redes<\/strong><strong>\u00a0<\/strong><strong>sociales <\/strong>y\u00a0enviarle\u00a0informaci\u00f3n\u00a0sobre\u00a0nuestras\u00a0actividades\u00a0y\u00a0productos.\u00a0Estos\u00a0datos\u00a0los\u00a0conservaremos mientras el usuario no revoque su consentimiento al tratamiento de los mismos y durante el tiempo\u00a0establecido\u00a0por\u00a0la\u00a0ley\u00a0con una\u00a0duraci\u00f3n\u00a0m\u00ednima de\u00a03 a\u00f1os.<\/p>\n<p>&nbsp;<\/p>\n<p>La base leg\u00edtima para gestionar nuestras redes sociales y enviarle nuestras actividades y novedades es el consentimiento\u00a0que nos otorga para ello. El usuario tiene derecho a revocar su consentimiento en cualquier momento sin que ello afecte a\u00a0la\u00a0licitud\u00a0del\u00a0tratamiento basado\u00a0en\u00a0el consentimiento previo\u00a0a\u00a0su\u00a0retirada.[\/vc_column_text][vc_empty_space][vc_column_text]<\/p>\n<h3><strong>Cesi\u00f3n<\/strong><strong>\u00a0<\/strong><strong>o<\/strong><strong>\u00a0<\/strong><strong>comunicaci\u00f3n<\/strong><strong>\u00a0<\/strong><strong>de<\/strong><strong>\u00a0<\/strong><strong>datos<\/strong><strong>\u00a0<\/strong><strong>personales<\/strong><strong>\u00a0<\/strong><strong>y<\/strong><strong>\u00a0<\/strong><strong>transferencias<\/strong><strong>\u00a0<\/strong><strong>internacionales<\/strong><\/h3>\n<p>&nbsp;<\/p>\n<p>Sus datos no se comunicar\u00e1n ni ser\u00e1n cedidos a terceros, salvo que exista alguna obligaci\u00f3n legal o aquellos prestadores vinculados\u00a0al\u00a0Responsable que\u00a0act\u00faan\u00a0como encargados del\u00a0tratamiento.<\/p>\n<p>&nbsp;<\/p>\n<p>Nuestros servidores est\u00e1n ubicados en la Uni\u00f3n Europea, y con car\u00e1cter general, contratamos prestadores de servicios ubicados\u00a0tambi\u00e9n\u00a0dentro\u00a0del\u00a0Espacio\u00a0Econ\u00f3mico\u00a0Europeo\u00a0o\u00a0en\u00a0pa\u00edses\u00a0que\u00a0han\u00a0sido\u00a0declarados\u00a0con\u00a0un\u00a0nivel\u00a0adecuado\u00a0de\u00a0protecci\u00f3n.<\/p>\n<p>&nbsp;<\/p>\n<p>Si necesitamos utilizar proveedores de servicios externos que requieran la transmisi\u00f3n de datos personales fuera de la Uni\u00f3n\u00a0Europea o en pa\u00edses que no han sido declarados con un nivel adecuado de protecci\u00f3n, nos aseguraremos de garantizar la seguridad\u00a0y legitimidad del tratamiento de sus datos mediante decisiones de adecuaci\u00f3n, cl\u00e1usulas tipo, normas corporativas vinculantes,\u00a0excepciones o cualquier otro instrumento aprobado por la autoridad de control que ofrezca las garant\u00edas adecuadas para la\u00a0realizaci\u00f3n\u00a0de\u00a0la\u00a0transferencia internacional\u00a0de\u00a0datos.[\/vc_column_text][vc_empty_space][vc_column_text]<\/p>\n<h3><strong>Actualizaci\u00f3n de datos<\/strong><\/h3>\n<p>&nbsp;<\/p>\n<p>Es importante que para que podamos mantener los datos personales actualizados, el usuario nos informe siempre que haya habido\u00a0alguna\u00a0modificaci\u00f3n en ellos, en caso contrario, no\u00a0respondemos de\u00a0la\u00a0veracidad de\u00a0los\u00a0mismos.<\/p>\n<p>&nbsp;<\/p>\n<p>El usuario garantiza que los datos personales facilitados son veraces garantizando que toda la informaci\u00f3n facilitada corresponde\u00a0con\u00a0la\u00a0situaci\u00f3n\u00a0real, que\u00a0est\u00e1 actualizada\u00a0y es\u00a0exacta, quedando\u00a0obligado\u00a0a\u00a0comunicar\u00a0cualquier modificaci\u00f3n.<\/p>\n<p>[\/vc_column_text][vc_empty_space][vc_column_text]<\/p>\n<h3><strong>Datos<\/strong><strong>\u00a0<\/strong><strong>de<\/strong><strong>\u00a0<\/strong><strong>Terceros<\/strong><\/h3>\n<p>&nbsp;<\/p>\n<p>Si el usuario facilita datos de terceras personas para cualquier finalidad a SEBASTI\u00c0 LLORENS, SL, garantiza que ha obtenido estos\u00a0datos de forma l\u00edcita, que ha informado previamente a los afectados, obteniendo su consentimiento para comunicarlos y que la\u00a0informaci\u00f3n\u00a0facilitada\u00a0es exacta y veraz.[\/vc_column_text][vc_empty_space][vc_column_text]<\/p>\n<h3><strong>Car\u00e1cter<\/strong><strong>\u00a0<\/strong><strong>obligatorio<\/strong><strong>\u00a0<\/strong><strong>de<\/strong><strong>\u00a0<\/strong><strong>la<\/strong><strong>\u00a0<\/strong><strong>informaci\u00f3n<\/strong><strong>\u00a0<\/strong><strong>solicitada<\/strong><\/h3>\n<p>&nbsp;<\/p>\n<p>Todos nuestros formularios cuentan con un asterisco (*) en los datos obligatorios. Si el usuario no facilita esos campos, o no marca\u00a0la\u00a0casilla\u00a0de\u00a0aceptaci\u00f3n\u00a0de\u00a0la\u00a0pol\u00edtica\u00a0de\u00a0privacidad,\u00a0no\u00a0se\u00a0permitir\u00e1\u00a0el env\u00edo\u00a0de\u00a0la\u00a0informaci\u00f3n.[\/vc_column_text][vc_empty_space][vc_column_text]<\/p>\n<h3><strong>Derechos<\/strong><strong>\u00a0<\/strong><strong>de<\/strong><strong>\u00a0<\/strong><strong>los<\/strong><strong>\u00a0<\/strong><strong>interesados<\/strong><\/h3>\n<p>&nbsp;<\/p>\n<p>Tiene derecho a acceder a sus datos y a obtener confirmaci\u00f3n sobre su tratamiento, as\u00ed como una copia de los datos personales objeto de tratamiento. Tiene derecho a actualizarlos y solicitar la rectificaci\u00f3n de los datos que sean inexactos o solicitar la supresi\u00f3n cuando los datos no sean necesarios para los fines para los que fueron recabados. Puede solicitar la limitaci\u00f3n en el tratamiento de sus datos y oponerse al tratamiento de los mismos revocando su consentimiento, as\u00ed como ejercer el derecho a la portabilidad de los datos. Del mismo modo, tiene derecho a no ser objeto de decisiones basadas \u00fanicamente en el tratamiento automatizado de sus datos personales.<\/p>\n<p>Puede ejercer sus derechos contactando con nosotros C\/ Lluis Companys, 55-57 &#8211; 08400\u00a0Granollers\u00a0(Barcelona).\u00a0E-mail:\u00a0<a href=\"mailto:info@llorensgmr.com\">info@llorensgmr.com.<\/a><\/p>\n<p>&nbsp;<\/p>\n<p>Si considera que sus derechos no se han atendido debidamente, tiene derecho a presentar una reclamaci\u00f3n ante la autoridad de\u00a0control en <a href=\"http:\/\/www.aepd.es\/\" target=\"_blank\" rel=\"noopener\">www.aepd.es.<\/a>[\/vc_column_text][vc_empty_space][vc_column_text]<\/p>\n<h3><strong>Tratamiento<\/strong><strong>\u00a0<\/strong><strong>de<\/strong><strong>\u00a0<\/strong><strong>datos<\/strong><strong>\u00a0<\/strong><strong>de<\/strong><strong>\u00a0<\/strong><strong>Menores<\/strong><strong>\u00a0<\/strong><strong>de<\/strong><strong>\u00a0<\/strong><strong>edad<\/strong><\/h3>\n<p>&nbsp;<\/p>\n<p>Quien facilita los datos a trav\u00e9s de los formularios de esta web y acepta su tratamiento declara ser mayor de 14 a\u00f1os, quedando\u00a0prohibido el acceso y uso del portal a menores de dicha edad. Si en alg\u00fan momento, el Responsable detecta que un menor de 14\u00a0a\u00f1os ha proporcionado datos de car\u00e1cter personal, procederemos a la cancelaci\u00f3n de los mismos. Asimismo, los padres o tutores\u00a0podr\u00e1n en cualquier caso dirigirse a SEBASTI\u00c0 LLORENS, SL para bloquear la cuenta de acceso de los menores a su cargo que se\u00a0hubieran\u00a0registrado falseando\u00a0su\u00a0identidad.[\/vc_column_text][vc_empty_space][vc_column_text]<\/p>\n<h3><strong>Redes sociales<\/strong><\/h3>\n<p>&nbsp;<\/p>\n<p>El objeto de las herramientas como Facebook, Twitter, Instagram, etc. u otras redes sociales es dar visibilidad y difusi\u00f3n a las\u00a0actividades que desarrolla nuestra organizaci\u00f3n. Estas herramientas almacenan datos personales en los servidores de los servicios\u00a0respectivos y se rigen por su propia pol\u00edtica de privacidad. Se recomienda la revisi\u00f3n y la lectura de las condiciones de uso y pol\u00edtica\u00a0de privacidad de la red social en el momento de registrarse, teniendo en cuenta las diferentes posibilidades de configuraci\u00f3n en\u00a0relaci\u00f3n\u00a0al\u00a0grado de\u00a0privacidad\u00a0del\u00a0perfil\u00a0de\u00a0usuario\u00a0en la\u00a0red social.<\/p>\n<p>&nbsp;<\/p>\n<p>Asimismo, el Responsable se reserva el derecho de eliminar de sus redes sociales cualquier informaci\u00f3n publicada por terceros que\u00a0vulnere la legalidad, incite a hacerlo o contenga mensajes que atenten contra la dignidad de personas o instituciones. Como\u00a0tambi\u00e9n\u00a0el derecho\u00a0a\u00a0bloquear\u00a0o\u00a0denunciar\u00a0el perfil\u00a0autor\u00a0de\u00a0estos mensajes.[\/vc_column_text][vc_empty_space][vc_column_text]<\/p>\n<h3><strong>Tratamiento<\/strong><strong>\u00a0<\/strong><strong>de<\/strong><strong>\u00a0<\/strong><strong>Cookies<\/strong><\/h3>\n<p>&nbsp;<\/p>\n<p>Una cookie es un peque\u00f1o archivo que se descarga y almacena en el ordenador del usuario cuando este accede a una p\u00e1gina web.\u00a0Las Cookies permiten a la web, entre otras cosas, almacenar y recuperar informaci\u00f3n sobre los h\u00e1bitos de navegaci\u00f3n del usuario o\u00a0de su equipo y, dependiendo de la informaci\u00f3n que contengan y de la forma en que utilice su equipo, pueden utilizarse para\u00a0reconocer\u00a0al\u00a0usuario.<\/p>\n<p>&nbsp;<\/p>\n<p>El usuario tiene la opci\u00f3n de impedir la generaci\u00f3n de cookies, mediante la selecci\u00f3n de la correspondiente opci\u00f3n en su programa\u00a0de\u00a0navegador.\u00a0Puede\u00a0obtener\u00a0m\u00e1s\u00a0informaci\u00f3n\u00a0leyendo\u00a0nuestra\u00a0<a href=\"\/es\/politica-de-cookies\"><u>Pol\u00edtica<\/u><u>\u00a0<\/u><u>de<\/u><u>\u00a0<\/u><u>Cookies<\/u><\/a>.[\/vc_column_text][vc_empty_space height=\u00bb150px\u00bb][\/vc_column][\/vc_row]<\/p>\n<\/div>","protected":false},"excerpt":{"rendered":"<p>[vc_row css_animation=\u00bb\u00bb row_type=\u00bbrow\u00bb use_row_as_full_screen_section=\u00bbno\u00bb type=\u00bbfull_width\u00bb angled_section=\u00bbno\u00bb text_align=\u00bbleft\u00bb background_image_as_pattern=\u00bbwithout_pattern\u00bb][vc_column][vc_single_image image=\u00bb457&#8243; img_size=\u00bbfull\u00bb alignment=\u00bbcenter\u00bb qode_css_animation=\u00bb\u00bb][\/vc_column][\/vc_row][vc_row css_animation=\u00bb\u00bb row_type=\u00bbrow\u00bb use_row_as_full_screen_section=\u00bbno\u00bb type=\u00bbgrid\u00bb angled_section=\u00bbno\u00bb text_align=\u00bbleft\u00bb background_image_as_pattern=\u00bbwithout_pattern\u00bb z_index=\u00bb\u00bb][vc_column][vc_empty_space][vc_empty_space][vc_column_text] Pol\u00edtica de Privacidad Web [\/vc_column_text][vc_empty_space][vc_column_text] Responsable\u00a0del\u00a0Tratamiento &nbsp; La empresa responsable del tratamiento de sus datos en virtud de esta Pol\u00edtica de privacidad es:\u00a0SEBASTI\u00c0\u00a0LLORENS,\u00a0SL NIF: B60991197&#8230;<\/p>\n","protected":false},"author":1,"featured_media":0,"parent":0,"menu_order":0,"comment_status":"closed","ping_status":"closed","template":"","meta":{"footnotes":""},"class_list":["post-2148","page","type-page","status-publish","hentry"],"_links":{"self":[{"href":"https:\/\/llorensgmr.com\/es\/wp-json\/wp\/v2\/pages\/2148","targetHints":{"allow":["GET"]}}],"collection":[{"href":"https:\/\/llorensgmr.com\/es\/wp-json\/wp\/v2\/pages"}],"about":[{"href":"https:\/\/llorensgmr.com\/es\/wp-json\/wp\/v2\/types\/page"}],"author":[{"embeddable":true,"href":"https:\/\/llorensgmr.com\/es\/wp-json\/wp\/v2\/users\/1"}],"replies":[{"embeddable":true,"href":"https:\/\/llorensgmr.com\/es\/wp-json\/wp\/v2\/comments?post=2148"}],"version-history":[{"count":3,"href":"https:\/\/llorensgmr.com\/es\/wp-json\/wp\/v2\/pages\/2148\/revisions"}],"predecessor-version":[{"id":2152,"href":"https:\/\/llorensgmr.com\/es\/wp-json\/wp\/v2\/pages\/2148\/revisions\/2152"}],"wp:attachment":[{"href":"https:\/\/llorensgmr.com\/es\/wp-json\/wp\/v2\/media?parent=2148"}],"curies":[{"name":"wp","href":"https:\/\/api.w.org\/{rel}","templated":true}]}}